{"id":200,"date":"2022-12-10T20:06:51","date_gmt":"2022-12-10T20:06:51","guid":{"rendered":"http:\/\/localhost\/ekebrasso.ro\/?page_id=200"},"modified":"2023-01-12T23:59:10","modified_gmt":"2023-01-12T21:59:10","slug":"i-lehmann-karoly-teljesitmenytura","status":"publish","type":"page","link":"https:\/\/www.ekebrasso.ro\/index.php\/i-lehmann-karoly-teljesitmenytura\/","title":{"rendered":"I. Lehmann K\u00e1roly Teljes\u00edtm\u00e9nyt\u00fara"},"content":{"rendered":"<p>&nbsp;<\/p>\n<table border=\"0\" width=\"798\" cellspacing=\"0\" cellpadding=\"3\" align=\"center\" bgcolor=\"#D6EAD0\">\n<tbody>\n<tr>\n<td height=\"20\"><img fetchpriority=\"high\" decoding=\"async\" class=\"aligncenter wp-image-210 size-full\" src=\"http:\/\/www.ekebrasso.ro\/wp-content\/uploads\/2022\/12\/LKTT.jpg\" alt=\"\" width=\"1278\" height=\"300\" \/><\/td>\n<\/tr>\n<tr>\n<td height=\"20\"><\/td>\n<\/tr>\n<tr>\n<td height=\"20\">\n<div align=\"center\"><strong><span style=\"color: #ff0000; font-family: Georgia, Times New Roman, Times, serif; font-size: x-large;\">I. Lehmann K\u00e1roly Teljes\u00edtm\u00e9nyt\u00fara<\/span><\/strong><\/div>\n<\/td>\n<\/tr>\n<tr>\n<td height=\"20\">\n<div align=\"center\"><\/div>\n<\/td>\n<\/tr>\n<tr>\n<td height=\"20\">\n<ul>\n<li><span style=\"font-family: Georgia, Times New Roman, Times, serif; font-size: medium;\"><strong>Bejelentkez\u00f5 lap\u00a0<em>(2016. szeptember 30-ig volt el\u00e9rhet\u00f5)<\/em><\/strong><\/span><\/li>\n<li><span style=\"font-family: Georgia, Times New Roman, Times, serif; font-size: medium;\"><strong><a href=\"#1\">A teljes\u00edtm\u00e9nyt\u00far\u00e1r\u00f3l<\/a><\/strong><\/span><\/li>\n<li><span style=\"font-family: Georgia, Times New Roman, Times, serif; font-size: medium;\"><strong><a href=\"#2\">\u00datvonalak<\/a><\/strong><\/span><\/li>\n<li><span style=\"font-family: Georgia, Times New Roman, Times, serif; font-size: medium;\"><strong><a href=\"#3\">R\u00e9szv\u00e9teli d\u00edj<\/a><\/strong><\/span><\/li>\n<li><span style=\"font-family: Georgia, Times New Roman, Times, serif; font-size: medium;\"><strong><a href=\"#4\">Szab\u00e1lyzat<\/a><\/strong><\/span><\/li>\n<li><span style=\"font-family: Georgia, Times New Roman, Times, serif; font-size: medium;\"><strong><a href=\"#5\">Sz\u00e1ll\u00e1s<\/a><\/strong><\/span><\/li>\n<li><span style=\"font-family: Georgia, Times New Roman, Times, serif; font-size: medium;\"><strong><a href=\"#6\">Kapcsolat<\/a><\/strong><\/span><\/li>\n<li><span style=\"font-family: Georgia, Times New Roman, Times, serif; font-size: medium;\"><strong><a href=\"#7\">Partnerszervezetek<\/a><\/strong><\/span><\/li>\n<li><span style=\"font-family: Georgia, Times New Roman, Times, serif; font-size: medium;\"><strong><a href=\"#8\">T\u00e1mogat\u00f3k<\/a><\/strong><\/span><\/li>\n<li><span style=\"font-family: Georgia, Times New Roman, Times, serif; font-size: medium;\"><strong><a href=\"#9\">M\u00e9diapartnerek<\/a><\/strong><\/span><\/li>\n<\/ul>\n<\/td>\n<\/tr>\n<tr>\n<td height=\"20\"><\/td>\n<\/tr>\n<tr>\n<td bgcolor=\"#75AB63\" height=\"20\">\n<div align=\"center\"><span style=\"font-family: Georgia, Times New Roman, Times, serif;\"><strong><span style=\"font-size: large;\"><a name=\"1\"><\/a>A teljes\u00edtm\u00e9nyt\u00far\u00e1r\u00f3l<\/span><\/strong><\/span><\/div>\n<\/td>\n<\/tr>\n<tr>\n<td height=\"20\"><\/td>\n<\/tr>\n<tr>\n<td height=\"20\"><span style=\"font-family: Georgia, Times New Roman, Times, serif; font-size: small;\">Brass\u00f3 hegye a\u00a0<em>Kereszt\u00e9ny-havas<\/em>. Tal\u00e1n egyszer\u0171en az\u00e9rt, mert ez van a legk\u00f6zelebb a v\u00e1roshoz, \u00edgy majdnem minden brass\u00f3inak els\u0151 t\u00fara\u00fatja a Kereszt\u00e9ny-havasra vezet.\u00a0<em>Mons Gymnicus<\/em>. M\u00e9g Orb\u00e1n Bal\u00e1zs is \u00edgy nevezte a hegyet:\u00a0<em>De\u00e1khavas<\/em>. Az 1543-ban alap\u00edtott sz\u00e1sz gimn\u00e1zium di\u00e1kjai minden \u00e9vben megl\u00e1togatt\u00e1k a havast, itt tartott\u00e1k j\u00e1t\u00e9kokkal \u00e9s j\u00f3kedvvel teli \u00e9vz\u00e1r\u00f3 \u00fcnnep\u00e9ly\u00fcket, de havonta egyszer t\u00far\u00e1kat is szerveztek ide. Ez a rendszeres term\u00e9szetj\u00e1r\u00e1s 1716-ig tartott, ekkor r\u00f6vid id\u0151re megsz\u0171nt, majd \u2013 nem annyira rendszeresen \u2013 \u00fajrakezd\u0151d\u00f6tt. Ebb\u0151l az id\u0151b\u0151l ad\u00f3dott a n\u00e9met Schulberg, majd\u00a0<em>Schuler<\/em>\u00a0n\u00e9v. A magyar Kereszt\u00e9ny-havas elnevez\u00e9s a hegy l\u00e1b\u00e1n\u00e1l elter\u00fcl\u0151 Kereszt\u00e9nyfalva nev\u00e9vel \u00e9s a kereszt\u00e9nys\u00e9ggel f\u00fcgg \u00f6ssze. A r\u00e9gi erd\u00e9lyi forr\u00e1sok\u00a0<em>Brass\u00f3 havas\u00e1<\/em>nak eml\u00edtik, a Kereszt\u00e9ny-havas vagy\u00a0<em>Poszt\u00f3v\u00e1r<\/em>\u00a0elnevez\u00e9sek csak a XVIII. sz\u00e1zadban jelennek meg. A rom\u00e1n\u00a0<em>Post\u0103varu<\/em>\u00a0elnevez\u00e9sre vagy a Salamon-k\u0151n\u00e9l m\u0171k\u00f6d\u0151 kall\u00f3malmok, valamint a poszt\u00f3k\u00e9sz\u00edt\u0151 bolg\u00e1rszegiek adtak alapot, vagy egy esztenatulajdonos nev\u00e9b\u0151l sz\u00e1rmazhat. Binder P\u00e1l lev\u00e9lt\u00e1ri kutat\u00e1sokra alapozva id\u00e9zi a Poszt\u00f3v\u00e1r \u2013 Kereszt\u00e9ny-havas n\u00e9vv\u00e1lt\u00e1st: \u201ePosztovarul sive Christianul\u201d, \u00e9s felt\u00e9telezi, hogy ez egy \u00faj birtokos, tulajdonos megjelen\u00e9se miatt k\u00f6vetkezett be 1732-ben.<br \/>\nAz Erd\u00e9lyi K\u00e1rp\u00e1t-Egyes\u00fclet \u2013 Brass\u00f3 is sz\u00e1mos t\u00far\u00e1t szervez \u00e9vente a Kereszt\u00e9ny-havasra, \u00e9s szint\u00e9n itt szervezi meg 2016-ban az<em>\u00a0I. Lehmann K\u00e1roly Teljes\u00edtm\u00e9nyt\u00far\u00e1t<\/em>\u00a0is h\u00e1rom t\u00e1von, eml\u00e9ket \u00e1ll\u00edtva h\u00edres term\u00e9szetj\u00e1r\u00f3nknak \u00e9s fot\u00f3sunknak, a hegyek szerelmes\u00e9nek, Lehmann K\u00e1rolynak.<br \/>\nAz 1894. m\u00e1rcius 17-\u00e9n T\u00f6rcsv\u00e1ron sz\u00fcletett fi\u00faval erd\u00e9sz nagyapja szerettette meg a hegyeket. A brass\u00f3i F\u0151re\u00e1l Gimn\u00e1ziumban kit\u0171n\u0151 oktat\u00e1sban r\u00e9szes\u00fclt. Az els\u0151 vil\u00e1gh\u00e1bor\u00faban orosz hadifogs\u00e1gba esett. A h\u00faszas \u00e9vek elej\u00e9n szabadult, \u00e9s j\u00f6tt haza Brass\u00f3ba, ahol a polg\u00e1rmesteri hivatal alkalmazta \u00e9p\u00edt\u00e9sz technikusk\u00e9nt, \u00e9s feladatul kapta a Brass\u00f3 k\u00f6rny\u00e9ki hegyekben a turistautak ki\u00e9p\u00edt\u00e9s\u00e9t. T\u00e9len tervezett, kora tavaszt\u00f3l k\u00e9s\u0151 \u0151szig a hegyeket j\u00e1rta, \u00f6sv\u00e9nyeket l\u00e9tes\u00edtett \u00e9s jav\u00edtott, jelz\u00e9seket festett. \u0150 maga v\u00e1gta ki f\u00e9mb\u0151l az \u00fatjelz\u0151ket, \u00e9s \u00edrta meg h\u00e1rom nyelven. Nagym\u00e9rt\u00e9kben neki k\u00f6sz\u00f6nhet\u0151 a sok jelzett turista\u00fat a Kereszt\u00e9ny-havason, Nagy-k\u0151havason, Csuk\u00e1son, Bucsecsben, Kir\u00e1lyk\u0151n, Fogarasi-havasokban. Nyugd\u00edjaz\u00e1sa ut\u00e1n fiatalokb\u00f3l szervezett \u00f6nk\u00e9ntes csapatokkal folytatta tev\u00e9kenys\u00e9g\u00e9t. Sz\u00e1mos term\u00e9szetfot\u00f3t k\u00e9sz\u00edtett. Szenz\u00e1ci\u00f3san l\u00e1tott a term\u00e9szetben, amelyet ezernyi csod\u00e1s felv\u00e9tellel \u00f6r\u00f6k\u00edtett meg akkor, amikor \u00fcveglemezeket kellett cipelni. Lehmann K\u00e1roly vezette be Erd\u00e9lyben a magashegyi s\u00edz\u00e9st, r\u00f6videbb s\u00edl\u00e9ceket k\u00e9sz\u00edtett \u00e9s azzal j\u00e1rta a gerinceket. Brass\u00f3ban hunyt el 1990. j\u00fanius 1-j\u00e9n.<br \/>\nTerm\u00e9szetszeretete, tettrek\u00e9szs\u00e9ge \u00e1lljon el\u0151tt\u00fcnk \u00f6r\u00f6k p\u00e9ldak\u00e9nt!<\/span><span style=\"font-size: small;\"><strong>Els\u0151 alkalommal szervezi meg az Erd\u00e9lyi K\u00e1rp\u00e1t-Egyes\u00fclet \u2013 Brass\u00f3 a Lehmann K\u00e1roly Teljes\u00edtm\u00e9nyt\u00far\u00e1t, az \u00c1prily Lajos F\u0151gimn\u00e1zium \u2013 Cenk \u2013 Kereszt\u00e9ny-havas \u00fatvonalon,<span style=\"color: #ff0000;\">\u00a02016. okt\u00f3ber 8-\u00e1n<\/span>, szombaton.<\/strong><br \/>\nA t\u00far\u00e1nak h\u00e1rom v\u00e1ltozata lesz, a 10 km-es, a 25 km-es \u00e9s a 35 km-es.<\/span><span style=\"font-family: Georgia, Times New Roman, Times, serif; font-size: small;\"><strong><span style=\"color: #ff0000;\">FIGYELEM!<br \/>\n\u2022 A t\u00far\u00e1ra benevezni CSAK el\u0151zetesen lehet, legk\u00e9s\u0151bb 2016. szeptember 30-ig!<\/span><\/strong><\/span><\/td>\n<\/tr>\n<tr>\n<td height=\"20\"><\/td>\n<\/tr>\n<tr>\n<td bgcolor=\"#75AB63\" height=\"20\">\n<div align=\"center\"><span style=\"font-family: Georgia, Times New Roman, Times, serif;\"><strong><span style=\"font-size: large;\"><a id=\"2\" name=\"2\"><\/a>\u00datvonalak<\/span><\/strong><\/span><\/div>\n<\/td>\n<\/tr>\n<tr>\n<td height=\"20\"><\/td>\n<\/tr>\n<tr>\n<td height=\"20\"><span style=\"font-family: Georgia, Times New Roman, Times, serif; font-size: small;\"><strong>A 10 km-es szakasz \u2013 CENK<\/strong><\/span><\/p>\n<p><span style=\"font-family: Georgia, Times New Roman, Times, serif; font-size: small;\"><em>\u00datvonal:<\/em><br \/>\n\u2022 1.1. \u00c1prily Lajos F\u0151gimn\u00e1zium<span style=\"color: #ff0000;\">\u00a0&gt;&gt;<\/span>\u00a0Rezs\u0151 k\u00f6r\u00fat<span style=\"color: #ff0000;\">\u00a0&gt;&gt;<\/span>\u00a0Star \u00e1ruh\u00e1z;<br \/>\n\u2022 1.2. Star \u00e1ruh\u00e1z\u00a0<span style=\"color: #ff0000;\">&gt;&gt;<\/span>\u00a0L\u00e9pcs\u0151k\u00a0<span style=\"color: #ff0000;\">&gt;&gt;<\/span>\u00a0Szerpentines \u00fat le\u00e1gaz\u00e1sa<span style=\"color: #ff0000;\">\u00a0&gt;&gt;<\/span>\u00a0Cenk-cs\u00facs<span style=\"color: #ff0000;\">\u00a0&gt;&gt;<\/span>\u00a0Cenk-nyereg;<br \/>\n\u2022 1.3. Cenk-nyereg<span style=\"color: #ff0000;\">\u00a0&gt;&gt;<\/span>\u00a0Stechil-r\u00e9t;<br \/>\n\u2022 1.4. Stechil-r\u00e9t<span style=\"color: #ff0000;\">\u00a0&gt;&gt;<\/span>\u00a0Pap k\u00fatja\u00a0<span style=\"color: #ff0000;\">&gt;&gt;<\/span>\u00a0Szent Mikl\u00f3s-templom;<br \/>\n\u2022 1.5. Szent Mikl\u00f3s-templom<span style=\"color: #ff0000;\">\u00a0&gt;&gt;<\/span>\u00a0Katalin-kapu<span style=\"color: #ff0000;\">\u00a0&gt;&gt;<\/span>\u00a0\u00c1prily Lajos F\u0151gimn\u00e1zium.<\/span><\/p>\n<p><span style=\"font-size: small;\"><em>Jellemz\u00e9s<\/em>:<br \/>\n\u2022 Hossza: 11,09 km<br \/>\n\u2022 Emelked\u00e9s\/lejt\u00e9s: +658\/-649<br \/>\n\u2022 Szintid\u0151: 4 \u00f3ra<br \/>\n\u2022 K\u00f6nny\u0171 t\u00fara<br \/>\n\u2022 Indul\u00e1s: az \u00c1prily Lajos F\u0151gimn\u00e1zium udvar\u00e1r\u00f3l 10 \u00f3rakor<\/span><\/p>\n<p><span style=\"font-family: Georgia, Times New Roman, Times, serif; font-size: small;\"><em>EKE-bakancs<\/em>:<br \/>\n\u2022<\/span>\u00a0<span style=\"font-family: Georgia, Times New Roman, Times, serif; font-size: small;\"><a href=\"http:\/\/turazas.ro\/2.1\/\" target=\"_blank\" rel=\"noopener\">http:\/\/turazas.ro\/2.1<\/a><\/span><span style=\"font-family: Georgia, Times New Roman, Times, serif; font-size: small;\"><a href=\"http:\/\/turazas.ro\/2.2\/\">\/<\/a><\/span><\/p>\n<p><span style=\"font-size: small;\"><strong>A 25 km-es szakasz \u2013 TEJBARLANG<\/strong><\/span><\/p>\n<p><span style=\"font-size: small;\"><em>\u00datvonal<\/em>:<br \/>\n\u2022 2.1. \u00c1prily Lajos F\u0151gimn\u00e1zium<span style=\"color: #ff0000;\">\u00a0&gt;&gt;<\/span>\u00a0Rezs\u0151 k\u00f6r\u00fat<span style=\"color: #ff0000;\">\u00a0&gt;&gt;<\/span>\u00a0Star \u00e1ruh\u00e1z;<br \/>\n\u2022 2.2. Star \u00e1ruh\u00e1z<span style=\"color: #ff0000;\">\u00a0&gt;&gt;\u00a0<\/span>L\u00e9pcs\u0151k<span style=\"color: #ff0000;\">\u00a0&gt;&gt;<\/span>\u00a0Szerpentines \u00fat le\u00e1gaz\u00e1sa\u00a0<span style=\"color: #ff0000;\">&gt;&gt;<\/span>\u00a0Cenk-cs\u00facs<span style=\"color: #ff0000;\">\u00a0&gt;&gt;<\/span>\u00a0Cenk-nyereg;<br \/>\n\u2022 2.3. Cenk-nyereg<span style=\"color: #ff0000;\">\u00a0&gt;&gt;\u00a0<\/span>Stechil-r\u00e9t\u00a0<span style=\"color: #ff0000;\">&gt;&gt;<\/span>\u00a0R\u00f3ka-pad\u00a0<span style=\"color: #ff0000;\">&gt;&gt;<\/span>\u00a0Simon g\u00f6dre<span style=\"color: #ff0000;\">\u00a0&gt;&gt;<\/span>\u00a0Tejbarlangi let\u00e9r\u0151;<br \/>\n\u2022 2.4. Tejbarlangi let\u00e9r\u0151\u00a0<span style=\"color: #ff0000;\">&gt;&gt;<\/span>\u00a0Tejbarlang<span style=\"color: #ff0000;\">\u00a0&gt;&gt;<\/span>\u00a0Drester-r\u00e9t<span style=\"color: #ff0000;\">\u00a0&gt;&gt;<\/span>\u00a0Schmautz pataka<span style=\"color: #ff0000;\">\u00a0&gt;&gt;<\/span>\u00a0Brass\u00f3-Poj\u00e1na (R\u00e9gi \u00fat);<br \/>\n\u2022 2.5. R\u00e9gi \u00fat<span style=\"color: #ff0000;\">\u00a0&gt;&gt;<\/span>\u00a0K\u00e9k s\u00e1v let\u00e9r\u0151\u00a0<span style=\"color: #ff0000;\">&gt;&gt;<\/span>\u00a0Salamon-k\u0151;<br \/>\n\u2022 2.6. Salamon-k\u0151<span style=\"color: #ff0000;\">\u00a0&gt;&gt;<\/span>\u00a0Porond<span style=\"color: #ff0000;\">\u00a0&gt;&gt;<\/span>\u00a0Katalin-kapu<span style=\"color: #ff0000;\">\u00a0&gt;&gt;<\/span>\u00a0\u00c1prily Lajos F\u0151gimn\u00e1zium.<\/span><\/p>\n<p><span style=\"font-size: small;\"><em>Jellemz\u00e9s<\/em>:<br \/>\n\u2022 Hossza: 23,44 km<br \/>\n\u2022 Emelked\u00e9s\/lejt\u00e9s: +1215\/-1205<br \/>\n\u2022 Szintid\u0151: 9 \u00f3ra<br \/>\n\u2022 K\u00f6zepes t\u00fara<br \/>\n\u2022 Indul\u00e1s: az \u00c1prily Lajos F\u0151gimn\u00e1zium udvar\u00e1r\u00f3l 8 \u00f3rakor<\/span><\/p>\n<p><span style=\"font-family: Georgia, Times New Roman, Times, serif; font-size: small;\"><em>EKE-bakancs<\/em>:<br \/>\n\u2022<\/span>\u00a0<span style=\"font-family: Georgia, Times New Roman, Times, serif; font-size: small;\"><a href=\"http:\/\/turazas.ro\/2.2\/\" target=\"_blank\" rel=\"noopener\">http:\/\/turazas.ro\/2.2\/<\/a><\/span><span style=\"font-size: small;\"><strong>A 35 km-es szakasz \u2013 A KERESZT\u00c9NY-HAVAS CS\u00daCSA<\/strong><\/span><\/p>\n<p><span style=\"font-size: small;\"><em>\u00datvonal<\/em>:<br \/>\n\u2022 3.1. \u00c1prily Lajos F\u0151gimn\u00e1zium<span style=\"color: #ff0000;\">\u00a0&gt;&gt;<\/span>\u00a0Rezs\u0151 k\u00f6r\u00fat\u00a0<span style=\"color: #ff0000;\">&gt;&gt;<\/span>\u00a0Star \u00e1ruh\u00e1z;<br \/>\n\u2022 3.2. Star \u00e1ruh\u00e1z\u00a0<span style=\"color: #ff0000;\">&gt;&gt;<\/span>\u00a0L\u00e9pcs\u0151k<span style=\"color: #ff0000;\">\u00a0&gt;&gt;<\/span>\u00a0Szerpentines \u00fat le\u00e1gaz\u00e1sa\u00a0<span style=\"color: #ff0000;\">&gt;&gt;<\/span>\u00a0Cenk-cs\u00facs\u00a0<span style=\"color: #ff0000;\">&gt;&gt;<\/span>\u00a0Cenk-nyereg;<br \/>\n\u2022 3.3. Cenk-nyereg\u00a0<span style=\"color: #ff0000;\">&gt;&gt;<\/span>\u00a0Stechil-r\u00e9t\u00a0<span style=\"color: #ff0000;\">&gt;&gt;<\/span>\u00a0R\u00f3ka-pad<span style=\"color: #ff0000;\">\u00a0&gt;&gt;<\/span>\u00a0Simon g\u00f6dre\u00a0<span style=\"color: #ff0000;\">&gt;&gt;<\/span>\u00a0Tejbarlangi let\u00e9r\u0151\u00a0<span style=\"color: #ff0000;\">&gt;&gt;<\/span>\u00a0Ruja-r\u00e9t<span style=\"color: #ff0000;\">\u00a0&gt;&gt;<\/span>\u00a0N\u00e9gy jel \u00fatel\u00e1gaz\u00e1s<span style=\"color: #ff0000;\"><br \/>\n&gt;&gt;<\/span>\u00a0Julius R\u00f6mer mened\u00e9kh\u00e1z\u00a0<span style=\"color: #ff0000;\">&gt;&gt;<\/span>\u00a0K\u00e9k \u00fat legmagasabb pontja;<br \/>\n\u2022 3.4. K\u00e9k \u00fat legmagasabb pontja<span style=\"color: #ff0000;\">\u00a0&gt;&gt;\u00a0<\/span>Kereszt\u00e9ny-havas cs\u00facsa\u00a0<span style=\"color: #ff0000;\">&gt;&gt;<\/span>\u00a0K\u00e9k \u00fat legmagasabb pontja;<br \/>\n\u2022 3.5. K\u00e9k \u00fat legmagasabb pontja<span style=\"color: #ff0000;\">\u00a0&gt;&gt;<\/span>\u00a0Julius R\u00f6mer mened\u00e9kh\u00e1z;<br \/>\n\u2022 3.6. Julius R\u00f6mer mened\u00e9kh\u00e1z<span style=\"color: #ff0000;\">\u00a0&gt;&gt;<\/span>\u00a0N\u00e9gy jel \u00fatel\u00e1gaz\u00e1s<span style=\"color: #ff0000;\">\u00a0&gt;&gt;<\/span>\u00a0Nagy-Kriszti\u00e1n-r\u00e9t<span style=\"color: #ff0000;\">\u00a0&gt;&gt;<\/span>\u00a0Brass\u00f3-Poj\u00e1na (Olimpic sz\u00e1lloda);<br \/>\n\u2022 3.7. Brass\u00f3-Poj\u00e1na (Olimpic sz\u00e1lloda)<span style=\"color: #ff0000;\">\u00a0&gt;&gt;<\/span>\u00a0Rep\u00fcl\u0151s\u00f6k r\u00e9tje;<br \/>\n\u2022 3.8. Rep\u00fcl\u0151s\u00f6k r\u00e9tje\u00a0<span style=\"color: #ff0000;\">&gt;&gt;<\/span>\u00a0\u00dcveg-v\u00f6lgy\u00a0<span style=\"color: #ff0000;\">&gt;&gt;<\/span>\u00a0K\u00e9k s\u00e1v let\u00e9r\u0151;<br \/>\n\u2022 3.9. K\u00e9k s\u00e1v let\u00e9r\u0151\u00a0<span style=\"color: #ff0000;\">&gt;&gt;<\/span>\u00a0Salamon-k\u0151;<br \/>\n\u2022 3.10. Salamon-k\u0151\u00a0<span style=\"color: #ff0000;\">&gt;&gt;<\/span>\u00a0Porond<span style=\"color: #ff0000;\">\u00a0&gt;&gt;<\/span>\u00a0Katalin-kapu<span style=\"color: #ff0000;\">\u00a0&gt;&gt;<\/span>\u00a0\u00c1prily Lajos F\u0151gimn\u00e1zium.<\/span><\/p>\n<p><span style=\"font-family: Georgia, Times New Roman, Times, serif; font-size: small;\"><em>Jellemz\u00e9s<\/em>:<br \/>\n\u2022 Hossza: 33,09 km<br \/>\n\u2022 Emelked\u00e9s\/lejt\u00e9s: +1845\/-1835<br \/>\n\u2022 Szintid\u0151: 11 \u00f3ra<br \/>\n\u2022 Neh\u00e9z t\u00fara<br \/>\n\u2022 Indul\u00e1s: az \u00c1prily Lajos F\u0151gimn\u00e1zium udvar\u00e1r\u00f3l 6 \u00f3rakor<\/span><\/p>\n<p><span style=\"font-family: Georgia, Times New Roman, Times, serif; font-size: small;\"><em>EKE-bakancs<\/em>:<br \/>\n\u2022<\/span>\u00a0<span style=\"font-family: Georgia, Times New Roman, Times, serif; font-size: small;\"><a href=\"http:\/\/turazas.ro\/2.3\/\" target=\"_blank\" rel=\"noopener\">http:\/\/turazas.ro\/2.3\/<\/a><\/span><\/td>\n<\/tr>\n<tr>\n<td height=\"20\"><\/td>\n<\/tr>\n<tr>\n<td bgcolor=\"#75AB63\" height=\"20\">\n<div align=\"center\"><span style=\"font-family: Georgia, Times New Roman, Times, serif;\"><strong><span style=\"font-size: large;\"><a id=\"3\" name=\"3\"><\/a>R\u00e9szv\u00e9teli d\u00edj<\/span><\/strong><\/span><\/div>\n<\/td>\n<\/tr>\n<tr>\n<td height=\"20\"><\/td>\n<\/tr>\n<tr>\n<td height=\"20\"><span style=\"font-family: Georgia, Times New Roman, Times, serif; font-size: small;\">Nevez\u00e9si d\u00edj:\u00a0<span style=\"color: #ff0000;\"><strong>20 lej<\/strong><\/span>, kedvezm\u00e9nyes nevez\u00e9si d\u00edj:\u00a0<span style=\"color: #ff0000;\"><strong>15 lej<\/strong><\/span>, 6 \u00e9v alatti gyerekeknek ingyenes.<br \/>\nKedvezm\u00e9nyes nevez\u00e9si d\u00edjat egyetemi hallgat\u00f3k, iskol\u00e1sok, nyugd\u00edjasok \u00e9s EKE-tagok ig\u00e9nyelhetnek. Abban az esetben, ha valaki kedvezm\u00e9nyt ig\u00e9nyelt, a rajtn\u00e1l k\u00f6teles felmutatni kedvezm\u00e9nyre jogos\u00edt\u00f3 igazolv\u00e1ny\u00e1t!<br \/>\nA r\u00e9szv\u00e9teli d\u00edj tartalmazza: t\u00farakalauz, kit\u0171z\u0151, t\u00e9rk\u00e9p, pontoz\u00f3lap, oklev\u00e9l, meleg egyt\u00e1l\u00e9tel az \u00e9rkez\u00e9sben, tea, zs\u00edros keny\u00e9r, v\u00edz az ellen\u0151rz\u0151 pontokban.<\/span><span style=\"font-family: Georgia, Times New Roman, Times, serif; font-size: small;\">A r\u00e9szv\u00e9teli d\u00edjat be lehet fizetni a legk\u00f6zelebbi EKE-irod\u00e1ban:\u00a0<a href=\"http:\/\/www.eke.ma\/\" target=\"_blank\" rel=\"noopener\">www.eke.ma<\/a>,<br \/>\nvagy az EKE-Brass\u00f3 banksz\u00e1ml\u00e1j\u00e1ra (<span style=\"color: #ff0000;\">FIGYELEM! Ekkor a banki kezel\u00e9si k\u00f6lts\u00e9get is r\u00e1 kell sz\u00e1molni az \u00e1tutaland\u00f3 \u00f6sszegre!<\/span>)<\/span><span style=\"font-family: Georgia, Times New Roman, Times, serif; font-size: small;\">SOCIETATEA CARPATIN\u0102 ARDELEAN\u0102-BRA\u015eOV<br \/>\n505600 S\u0103cele\/N\u00e9gyfalu, str. Darie Magheru, nr. 41.<br \/>\nBanca Transilvania, S\u0103cele<br \/>\nIBAN: RO26 BTRL 0080 1205 H314 57XX<br \/>\nSWIFT: BTRLRO22BVA<\/span><span style=\"font-family: Georgia, Times New Roman, Times, serif; font-size: small;\"><br \/>\n<\/span><\/td>\n<\/tr>\n<tr>\n<td height=\"20\"><\/td>\n<\/tr>\n<tr>\n<td bgcolor=\"#75AB63\" height=\"20\">\n<div align=\"center\"><span style=\"font-family: Georgia, Times New Roman, Times, serif;\"><strong><span style=\"font-size: large;\"><a id=\"4\" name=\"4\"><\/a>Szab\u00e1lyzat<\/span><\/strong><\/span><\/div>\n<\/td>\n<\/tr>\n<tr>\n<td height=\"20\"><\/td>\n<\/tr>\n<tr>\n<td height=\"20\"><span style=\"font-family: Georgia, Times New Roman, Times, serif; font-size: small;\"><strong><span style=\"color: #ff0000;\">Nevezni csak el\u0151zetesen \u2013 ON-LINE \u2013 lehets\u00e9ges, a RAJT-n\u00e1l NEM.<\/span><\/strong>\u00a0Az el\u0151zetes nevez\u00e9sek hat\u00e1rideje<span style=\"color: #ff0000;\"><strong>\u00a02016. szeptember 30.<\/strong><\/span>, ezut\u00e1n m\u00e1r NEM lehet benevezni, semmilyen m\u00f3don. A nevez\u0151k \u00e1ltal fizetend\u0151 r\u00e9szv\u00e9teli k\u00f6lts\u00e9gek legk\u00e9s\u0151bb szeptember 30-ig be kell \u00e9rkezzenek a szervez\u0151kh\u00f6z, a megjel\u00f6lt banksz\u00e1ml\u00e1kra, vagy k\u00e9szp\u00e9nzben, a regisztr\u00e1ci\u00f3s irod\u00e1khoz. Azokat a nevez\u0151ket, akiknek a r\u00e9szv\u00e9teli k\u00f6lts\u00e9ge nem \u00e9rkezett be, szeptember 30-\u00e1n este t\u00f6r\u00f6lj\u00fck a nevez\u00e9si list\u00e1r\u00f3l.<br \/>\nKiskor\u00faak (18 \u00e9v alatt) r\u00e9szv\u00e9tele kiz\u00e1r\u00f3lag feln\u0151tt(ek) \u00e1lland\u00f3 k\u00eds\u00e9ret\u00e9ben enged\u00e9lyezett.<br \/>\nAz ellen\u0151rz\u0151 pontok els\u0151seg\u00e9ly-ny\u00fajt\u00f3 k\u00e9szlettel lesznek ell\u00e1tva.<br \/>\nAj\u00e1nlott minden ellen\u0151rz\u0151 ponton a megadott nyitvatart\u00e1si id\u0151n bel\u00fcl \u00e1thaladni. Amennyiben valaki t\u00fal k\u00e9s\u0151n \u00e9rkezik, lehet, hogy m\u00e1r nem tal\u00e1lja a hely\u00e9n a pontb\u00edr\u00f3t, ez\u00e9rt nem tudja majd leb\u00e9lyegeztetni ellen\u0151rz\u0151lapj\u00e1t az illet\u0151 ellen\u0151rz\u0151 ponton.<br \/>\nA t\u00fara teljes\u00edt\u00e9s\u00e9t akkor ismerj\u00fck el, ha a r\u00e9sztvev\u0151 szab\u00e1lyosan nevezett, \u00e9s minden ellen\u0151rz\u0151 ponton leb\u00e9lyegeztette igazol\u00f3lapj\u00e1t.<br \/>\nA t\u00far\u00e1n mindenki a saj\u00e1t felel\u0151ss\u00e9g\u00e9re indul, a rendez\u0151kt\u0151l k\u00e1rt\u00e9r\u00edt\u00e9s semmilyen c\u00edmen nem ig\u00e9nyelhet\u0151!<br \/>\nA t\u00fara term\u00e9szetv\u00e9delmi ter\u00fcleten halad, annak \u00e9rt\u00e9keit \u0151rizz\u00fck meg!<br \/>\nK\u00e9rj\u00fck a r\u00e9sztvev\u0151ket, hogy lehet\u0151leg NE k\u00e9ssenek a rajtn\u00e1l.<br \/>\nA v\u00e1rosban mindenki a k\u00f6zleked\u00e9si szab\u00e1lyoknak megfelel\u00f5en k\u00f6zlekedik a j\u00e1rd\u00e1n, megy \u00e1t a gyalog\u00e1tkel\u00f5k\u00f6n stb.<\/span><\/td>\n<\/tr>\n<tr>\n<td height=\"20\"><\/td>\n<\/tr>\n<tr>\n<td bgcolor=\"#75AB63\" height=\"20\">\n<div align=\"center\"><span style=\"font-family: Georgia, Times New Roman, Times, serif;\"><strong><span style=\"font-size: large;\"><a id=\"5\" name=\"5\"><\/a>Sz\u00e1ll\u00e1s<\/span><\/strong><\/span><\/div>\n<\/td>\n<\/tr>\n<tr>\n<td height=\"20\"><\/td>\n<\/tr>\n<tr>\n<td height=\"20\"><span style=\"font-family: Georgia, Times New Roman, Times, serif; font-size: small;\">A r\u00e9sztvev\u0151knek az \u00c1prily Lajos F\u0151gimn\u00e1zium tornaterm\u00e9ben tudunk sz\u00e1ll\u00e1st biztos\u00edtani, matracokon. A reggel nem siet\u0151knek aj\u00e1nljuk a Barcas\u00e1gi Cs\u00e1ng\u00f3 Alap\u00edtv\u00e1ny n\u00e9gyfalusi sz\u00e1ll\u00e1shely\u00e9t (<a href=\"http:\/\/www.barcasagicsangoalapitvany.ro\/\" target=\"_blank\" rel=\"noopener\">www.barcasagicsangoalapitvany.ro<\/a>). Minden m\u00e1snem\u0171 sz\u00e1ll\u00e1sfoglal\u00e1st \u00f6n\u00e1ll\u00f3an kell int\u00e9zni!<\/span><\/td>\n<\/tr>\n<tr>\n<td height=\"20\"><\/td>\n<\/tr>\n<tr>\n<td bgcolor=\"#75AB63\" height=\"20\">\n<div align=\"center\"><span style=\"font-family: Georgia, Times New Roman, Times, serif;\"><strong><span style=\"font-size: large;\"><a id=\"6\" name=\"6\"><\/a>Kapcsolat<\/span><\/strong><\/span><\/div>\n<\/td>\n<\/tr>\n<tr>\n<td height=\"20\"><\/td>\n<\/tr>\n<tr>\n<td height=\"42\"><span style=\"font-family: Georgia, Times New Roman, Times, serif; font-size: small;\">B\u00e1rmilyen, a teljes\u00edtm\u00e1nyt\u00far\u00e1val kapcsolatos inform\u00e1ci\u00f3 megtal\u00e1lhat\u00f3 a t\u00fara honlapj\u00e1n:\u00a0<a href=\"http:\/\/www.ekebrasso.ro\/\" target=\"_blank\" rel=\"noopener\">www.ekebrasso.ro<\/a>\u00a0vagy a k\u00f6vetkez\u0151 telefonsz\u00e1mon, illetve e-mail c\u00edmen lehet ig\u00e9nyelni:<span style=\"color: #ff0000;\"><strong>\u00a0Kov\u00e1cs Lehel Istv\u00e1n<\/strong><\/span>, +4 0744-251245,\u00a0<a href=\"mailto:%20klehel77@yahoo.com\">klehel77@yahoo.com<\/a>.<\/span><\/td>\n<\/tr>\n<tr>\n<td height=\"20\"><\/td>\n<\/tr>\n<tr>\n<td bgcolor=\"#75AB63\" height=\"20\">\n<div align=\"center\"><span style=\"font-family: Georgia, Times New Roman, Times, serif;\"><strong><span style=\"font-size: large;\"><a id=\"7\" name=\"7\"><\/a>Partnerszervezetek<\/span><\/strong><\/span><\/div>\n<\/td>\n<\/tr>\n<tr>\n<td height=\"20\"><\/td>\n<\/tr>\n<tr>\n<td height=\"20\"><img decoding=\"async\" class=\"aligncenter wp-image-211 size-full\" src=\"http:\/\/www.ekebrasso.ro\/wp-content\/uploads\/2022\/12\/p1.jpg\" alt=\"\" width=\"837\" height=\"196\" \/><\/td>\n<\/tr>\n<tr>\n<td height=\"20\"><\/td>\n<\/tr>\n<tr>\n<td bgcolor=\"#75AB63\" height=\"20\">\n<div align=\"center\"><span style=\"font-family: Georgia, Times New Roman, Times, serif;\"><strong><span style=\"font-size: large;\"><a id=\"8\" name=\"8\"><\/a>T\u00e1mogat\u00f3k<\/span><\/strong><\/span><\/div>\n<\/td>\n<\/tr>\n<tr>\n<td height=\"20\"><\/td>\n<\/tr>\n<tr>\n<td height=\"20\"><img decoding=\"async\" class=\"aligncenter wp-image-212 size-full\" src=\"http:\/\/www.ekebrasso.ro\/wp-content\/uploads\/2022\/12\/p2.jpg\" alt=\"\" width=\"837\" height=\"300\" \/><\/td>\n<\/tr>\n<tr>\n<td height=\"20\"><\/td>\n<\/tr>\n<tr>\n<td bgcolor=\"#75AB63\" height=\"20\">\n<div align=\"center\"><span style=\"font-family: Georgia, Times New Roman, Times, serif;\"><strong><span style=\"font-size: large;\"><a id=\"9\" name=\"9\"><\/a>M\u00e9diapartnerek<\/span><\/strong><\/span><\/div>\n<\/td>\n<\/tr>\n<tr>\n<td height=\"20\"><\/td>\n<\/tr>\n<tr>\n<td height=\"20\"><img loading=\"lazy\" decoding=\"async\" class=\"aligncenter wp-image-213 size-full\" src=\"http:\/\/www.ekebrasso.ro\/wp-content\/uploads\/2022\/12\/p3.jpg\" alt=\"\" width=\"837\" height=\"125\" \/><\/td>\n<\/tr>\n<tr>\n<td height=\"20\"><\/td>\n<\/tr>\n<\/tbody>\n<\/table>\n<p><a href=\"http:\/\/www.ekebrasso.ro\/wp-content\/uploads\/2022\/12\/beszamoloI.docx\">beszamoloI<\/a><\/p>\n","protected":false},"excerpt":{"rendered":"<p>&nbsp; I. Lehmann K\u00e1roly Teljes\u00edtm\u00e9nyt\u00fara Bejelentkez\u00f5 lap\u00a0(2016. szeptember 30-ig volt el\u00e9rhet\u00f5) A teljes\u00edtm\u00e9nyt\u00far\u00e1r\u00f3l \u00datvonalak R\u00e9szv\u00e9teli d\u00edj Szab\u00e1lyzat Sz\u00e1ll\u00e1s Kapcsolat Partnerszervezetek T\u00e1mogat\u00f3k M\u00e9diapartnerek A teljes\u00edtm\u00e9nyt\u00far\u00e1r\u00f3l Brass\u00f3 hegye a\u00a0Kereszt\u00e9ny-havas. Tal\u00e1n egyszer\u0171en az\u00e9rt, mert ez van a legk\u00f6zelebb a v\u00e1roshoz, \u00edgy majdnem minden brass\u00f3inak els\u0151 t\u00fara\u00fatja a Kereszt\u00e9ny-havasra vezet.\u00a0Mons Gymnicus. M\u00e9g Orb\u00e1n Bal\u00e1zs is \u00edgy nevezte a hegyet:\u00a0De\u00e1khavas. [&hellip;]<\/p>\n","protected":false},"author":1,"featured_media":478,"parent":0,"menu_order":0,"comment_status":"closed","ping_status":"closed","template":"","meta":{"footnotes":""},"class_list":["post-200","page","type-page","status-publish","has-post-thumbnail","hentry"],"_links":{"self":[{"href":"https:\/\/www.ekebrasso.ro\/index.php\/wp-json\/wp\/v2\/pages\/200","targetHints":{"allow":["GET"]}}],"collection":[{"href":"https:\/\/www.ekebrasso.ro\/index.php\/wp-json\/wp\/v2\/pages"}],"about":[{"href":"https:\/\/www.ekebrasso.ro\/index.php\/wp-json\/wp\/v2\/types\/page"}],"author":[{"embeddable":true,"href":"https:\/\/www.ekebrasso.ro\/index.php\/wp-json\/wp\/v2\/users\/1"}],"replies":[{"embeddable":true,"href":"https:\/\/www.ekebrasso.ro\/index.php\/wp-json\/wp\/v2\/comments?post=200"}],"version-history":[{"count":1,"href":"https:\/\/www.ekebrasso.ro\/index.php\/wp-json\/wp\/v2\/pages\/200\/revisions"}],"predecessor-version":[{"id":453,"href":"https:\/\/www.ekebrasso.ro\/index.php\/wp-json\/wp\/v2\/pages\/200\/revisions\/453"}],"wp:featuredmedia":[{"embeddable":true,"href":"https:\/\/www.ekebrasso.ro\/index.php\/wp-json\/wp\/v2\/media\/478"}],"wp:attachment":[{"href":"https:\/\/www.ekebrasso.ro\/index.php\/wp-json\/wp\/v2\/media?parent=200"}],"curies":[{"name":"wp","href":"https:\/\/api.w.org\/{rel}","templated":true}]}}