{"id":235,"date":"2022-12-10T21:00:58","date_gmt":"2022-12-10T21:00:58","guid":{"rendered":"http:\/\/localhost\/ekebrasso.ro\/?page_id=235"},"modified":"2022-12-22T08:56:54","modified_gmt":"2022-12-22T06:56:54","slug":"ii-lehmann-karoly-teljesitmenytura","status":"publish","type":"page","link":"https:\/\/www.ekebrasso.ro\/index.php\/ii-lehmann-karoly-teljesitmenytura\/","title":{"rendered":"II. Lehmann K\u00e1roly Teljes\u00edtm\u00e9nyt\u00fara"},"content":{"rendered":"<p>&nbsp;<\/p>\n<table border=\"0\" width=\"798\" cellspacing=\"0\" cellpadding=\"3\" align=\"center\" bgcolor=\"#D6EAD0\">\n<tbody>\n<tr>\n<td height=\"20\"><img fetchpriority=\"high\" decoding=\"async\" class=\"wp-image-236 size-full\" src=\"http:\/\/www.ekebrasso.ro\/wp-content\/uploads\/2022\/12\/LKTT-1.jpg\" alt=\"\" width=\"1278\" height=\"300\" \/><\/td>\n<\/tr>\n<tr>\n<td height=\"20\"><\/td>\n<\/tr>\n<tr>\n<td height=\"20\">\n<div align=\"center\"><\/div>\n<\/td>\n<\/tr>\n<tr>\n<td height=\"20\">\n<ul>\n<li><span style=\"font-family: Georgia, Times New Roman, Times, serif; font-size: medium;\"><strong>Bejelentkez\u00f5 lap\u00a0<span style=\"color: #ff0000;\"><em>(A bejelentkez\u00e9s lej\u00e1rt.)<\/em><\/span><\/strong><\/span><\/li>\n<li><span style=\"font-family: Georgia, Times New Roman, Times, serif; font-size: medium;\"><strong><a href=\"#1\">A teljes\u00edtm\u00e9nyt\u00far\u00e1r\u00f3l<\/a><\/strong><\/span><\/li>\n<li><span style=\"font-family: Georgia, Times New Roman, Times, serif; font-size: medium;\"><strong><a href=\"#2\">\u00datvonalak<\/a><\/strong><\/span><\/li>\n<li><span style=\"font-family: Georgia, Times New Roman, Times, serif; font-size: medium;\"><strong><a href=\"#3\">R\u00e9szv\u00e9teli d\u00edj<\/a><\/strong><\/span><\/li>\n<li><span style=\"font-family: Georgia, Times New Roman, Times, serif; font-size: medium;\"><strong><a href=\"#4\">Szab\u00e1lyzat<\/a><\/strong><\/span><\/li>\n<li><span style=\"font-family: Georgia, Times New Roman, Times, serif; font-size: medium;\"><strong><a href=\"#5\">Sz\u00e1ll\u00e1s<\/a><\/strong><\/span><\/li>\n<li><span style=\"font-family: Georgia, Times New Roman, Times, serif; font-size: medium;\"><strong><a href=\"#6\">Kapcsolat<\/a><\/strong><\/span><\/li>\n<li><span style=\"font-family: Georgia, Times New Roman, Times, serif; font-size: medium;\"><strong><a href=\"#7\">Partnerszervezetek<\/a><\/strong><\/span><\/li>\n<li><span style=\"font-family: Georgia, Times New Roman, Times, serif; font-size: medium;\"><strong><a href=\"#8\">T\u00e1mogat\u00f3k<\/a><\/strong><\/span><\/li>\n<li><span style=\"font-family: Georgia, Times New Roman, Times, serif; font-size: medium;\"><strong><a href=\"#9\">M\u00e9diapartnerek<\/a><\/strong><\/span><\/li>\n<\/ul>\n<\/td>\n<\/tr>\n<tr>\n<td height=\"20\"><\/td>\n<\/tr>\n<tr>\n<td bgcolor=\"#75AB63\" height=\"20\">\n<div align=\"center\"><span style=\"font-family: Georgia, Times New Roman, Times, serif;\"><strong><span style=\"font-size: large;\"><a name=\"1\"><\/a>A teljes\u00edtm\u00e9nyt\u00far\u00e1r\u00f3l<\/span><\/strong><\/span><\/div>\n<\/td>\n<\/tr>\n<tr>\n<td height=\"20\"><\/td>\n<\/tr>\n<tr>\n<td height=\"20\">\n<p align=\"right\"><span style=\"font-family: Georgia, Times New Roman, Times, serif; font-size: small;\"><em><br \/>\n&#8220;Nagyap\u00e1m 70 \u00e9vvel ezel\u0151tt \u00edrt turistanapl\u00f3j\u00e1t lapozgatva figyeltem fel el\u0151sz\u00f6r a Csuk\u00e1sra. \u00c9rdekes, bizarr sziklaform\u00e1k \u2013 amelyek a mese- \u00e9s mondavil\u00e1g h\u0151seit testes\u00edtik meg: G\u00f3li\u00e1tok, pletyk\u00e1l\u00f3 v\u00e9nasszonyok, ikrek, \u00f6rd\u00f6g\u00f6k, galambok, szfinxek rajzol\u00f3dnak ki a konglomer\u00e1tumtornyokban \u2013 ut\u00e1n kutatva vettem mindig szem\u00fcgyre a szikl\u00e1kat, mint gyerekkoromban, amikor a Sz\u00e9naf\u0171 magas f\u0171sz\u00e1lai \u00e9s margar\u00e9t\u00e1i k\u00f6z\u00fcl k\u00e9mleltem H\u00e9tfalu b\u00e1r\u00e1nyfelh\u0151s k\u00e9k eg\u00e9t: akkor farkasok, s\u00e1rk\u00e1nyok, t\u00e1ltos parip\u00e1k form\u00e1l\u00f3dtak, \u00e9s foszlottak sz\u00e9t a szell\u0151 h\u0171s\u00edt\u0151 fuvallatainak parancs\u00e1ra.&#8221;<br \/>\nKov\u00e1cs Lehel Istv\u00e1n<\/em><\/span><\/p>\n<p><span style=\"font-family: Georgia, Times New Roman, Times, serif; font-size: small;\">Az Erd\u00e9lyi K\u00e1rp\u00e1t-Egyes\u00fclet \u2013 Brass\u00f3 is sz\u00e1mos t\u00far\u00e1t szervez \u00e9vente a Csuk\u00e1sra, \u00e9s szint\u00e9n itt szervezi meg 2017-ben a<em>\u00a0II. Lehmann K\u00e1roly Teljes\u00edtm\u00e9nyt\u00far\u00e1t<\/em>\u00a0is h\u00e1rom t\u00e1von, eml\u00e9ket \u00e1ll\u00edtva h\u00edres term\u00e9szetj\u00e1r\u00f3nknak \u00e9s fot\u00f3sunknak, a hegyek szerelmes\u00e9nek, Lehmann K\u00e1rolynak.<br \/>\nAz 1894. m\u00e1rcius 17-\u00e9n T\u00f6rcsv\u00e1ron sz\u00fcletett fi\u00faval erd\u00e9sz nagyapja szerettette meg a hegyeket. A brass\u00f3i F\u0151re\u00e1l Gimn\u00e1ziumban kit\u0171n\u0151 oktat\u00e1sban r\u00e9szes\u00fclt. Az els\u0151 vil\u00e1gh\u00e1bor\u00faban orosz hadifogs\u00e1gba esett. A h\u00faszas \u00e9vek elej\u00e9n szabadult, \u00e9s j\u00f6tt haza Brass\u00f3ba, ahol a polg\u00e1rmesteri hivatal alkalmazta \u00e9p\u00edt\u00e9sz technikusk\u00e9nt, \u00e9s feladatul kapta a Brass\u00f3 k\u00f6rny\u00e9ki hegyekben a turistautak ki\u00e9p\u00edt\u00e9s\u00e9t. T\u00e9len tervezett, kora tavaszt\u00f3l k\u00e9s\u0151 \u0151szig a hegyeket j\u00e1rta, \u00f6sv\u00e9nyeket l\u00e9tes\u00edtett \u00e9s jav\u00edtott, jelz\u00e9seket festett. \u0150 maga v\u00e1gta ki f\u00e9mb\u0151l az \u00fatjelz\u0151ket, \u00e9s \u00edrta meg h\u00e1rom nyelven. Nagym\u00e9rt\u00e9kben neki k\u00f6sz\u00f6nhet\u0151 a sok jelzett turista\u00fat a Kereszt\u00e9ny-havason, Nagy-k\u0151havason, Csuk\u00e1son, Bucsecsben, Kir\u00e1lyk\u0151n, Fogarasi-havasokban. Nyugd\u00edjaz\u00e1sa ut\u00e1n fiatalokb\u00f3l szervezett \u00f6nk\u00e9ntes csapatokkal folytatta tev\u00e9kenys\u00e9g\u00e9t. Sz\u00e1mos term\u00e9szetfot\u00f3t k\u00e9sz\u00edtett. Szenz\u00e1ci\u00f3san l\u00e1tott a term\u00e9szetben, amelyet ezernyi csod\u00e1s felv\u00e9tellel \u00f6r\u00f6k\u00edtett meg akkor, amikor \u00fcveglemezeket kellett cipelni. Lehmann K\u00e1roly vezette be Erd\u00e9lyben a magashegyi s\u00edz\u00e9st, r\u00f6videbb s\u00edl\u00e9ceket k\u00e9sz\u00edtett \u00e9s azzal j\u00e1rta a gerinceket. Brass\u00f3ban hunyt el 1990. j\u00fanius 1-j\u00e9n.<br \/>\nTerm\u00e9szetszeretete, tettrek\u00e9szs\u00e9ge \u00e1lljon el\u0151tt\u00fcnk \u00f6r\u00f6k p\u00e9ldak\u00e9nt!<\/span><\/p>\n<p><span style=\"font-size: small;\"><strong>M\u00e1sodik alkalommal szervezi meg az Erd\u00e9lyi K\u00e1rp\u00e1t-Egyes\u00fclet \u2013 Brass\u00f3 a Lehmann K\u00e1roly Teljes\u00edtm\u00e9nyt\u00far\u00e1t, a V\u00f6r\u00f6s-havasok \u2013 Piroska-havas \u2013 Csuk\u00e1s \u00fatvonalon,<span style=\"color: #ff0000;\">\u00a02017. okt\u00f3ber 7-\u00e9n<\/span>, szombaton.<\/strong><br \/>\nA t\u00far\u00e1nak h\u00e1rom v\u00e1ltozata lesz, a 10 km-es, a 20 km-es \u00e9s a 30 km-es.<\/span><\/p>\n<p><span style=\"font-family: Georgia, Times New Roman, Times, serif; font-size: small;\"><strong><span style=\"color: #ff0000;\">FIGYELEM!<br \/>\n\u2022 A t\u00far\u00e1ra benevezni CSAK el\u0151zetesen lehet, legk\u00e9s\u0151bb 2017. szeptember 30-ig!<\/span><\/strong><\/span><\/td>\n<\/tr>\n<tr>\n<td height=\"20\"><\/td>\n<\/tr>\n<tr>\n<td bgcolor=\"#75AB63\" height=\"20\">\n<div align=\"center\"><span style=\"font-family: Georgia, Times New Roman, Times, serif;\"><strong><span style=\"font-size: large;\"><a id=\"2\" name=\"2\"><\/a>\u00datvonalak<\/span><\/strong><\/span><\/div>\n<\/td>\n<\/tr>\n<tr>\n<td height=\"20\"><\/td>\n<\/tr>\n<tr>\n<td height=\"20\"><span style=\"font-family: Georgia, Times New Roman, Times, serif; font-size: small;\"><strong>A 10 km-es szakasz \u2013 PIROSKA-HAVAS<\/strong><\/span><\/p>\n<p><span style=\"font-family: Georgia, Times New Roman, Times, serif; font-size: small;\"><em>\u00datvonal:<\/em><br \/>\n<\/span><span style=\"font-family: Georgia, Times New Roman, Times, serif;\"><span style=\"font-size: small;\">\u2022\u00a0<\/span><\/span><span style=\"font-family: Georgia, Times New Roman, Times, serif; font-size: small;\">1.1. V\u00f6r\u00f6s-havasok mened\u00e9kh\u00e1z\u00a0<span style=\"color: #ff0000;\">&gt;&gt;<\/span>\u00a0S\u00e1rga s\u00e1v \/ Piros h\u00e1romsz\u00f6g;<br \/>\n<\/span><span style=\"font-family: Georgia, Times New Roman, Times, serif;\"><span style=\"font-size: small;\">\u2022\u00a0<\/span><\/span><span style=\"font-family: Georgia, Times New Roman, Times, serif; font-size: small;\">1.2. S\u00e1rga s\u00e1v \/ Piros h\u00e1romsz\u00f6g\u00a0<span style=\"color: #ff0000;\">&gt;&gt;<\/span>\u00a0Kereszt\u00fat;<br \/>\n<\/span><span style=\"font-family: Georgia, Times New Roman, Times, serif;\"><span style=\"font-size: small;\">\u2022\u00a0<\/span><\/span><span style=\"font-family: Georgia, Times New Roman, Times, serif; font-size: small;\">1.3. Kereszt\u00fat\u00a0<span style=\"color: #ff0000;\">&gt;&gt;<\/span>\u00a0Feh\u00e9rk\u0151-havas let\u00e9r\u0151;<br \/>\n<\/span><span style=\"font-family: Georgia, Times New Roman, Times, serif;\"><span style=\"font-size: small;\">\u2022\u00a0<\/span><\/span><span style=\"font-family: Georgia, Times New Roman, Times, serif; font-size: small;\">1.4. Feh\u00e9rk\u0151-havas let\u00e9r\u0151\u00a0<span style=\"color: #ff0000;\">&gt;&gt;<\/span>\u00a0Tejk\u0151-havas let\u00e9r\u0151;<br \/>\n<\/span><span style=\"font-family: Georgia, Times New Roman, Times, serif;\"><span style=\"font-size: small;\">\u2022\u00a0<\/span><\/span><span style=\"font-family: Georgia, Times New Roman, Times, serif; font-size: small;\">1.5. Tejk\u0151-havas let\u00e9r\u0151<span style=\"color: #ff0000;\">\u00a0&gt;&gt;<\/span>\u00a0Csuk\u00e1s mened\u00e9kh\u00e1z;<br \/>\n<\/span><span style=\"font-family: Georgia, Times New Roman, Times, serif;\"><span style=\"font-size: small;\">\u2022\u00a0<\/span><\/span><span style=\"font-family: Georgia, Times New Roman, Times, serif; font-size: small;\">1.6. Csuk\u00e1s mened\u00e9kh\u00e1z<span style=\"color: #ff0000;\">\u00a0&gt;&gt;<\/span>\u00a0S\u00e1rga s\u00e1v let\u00e9r\u0151;<br \/>\n<\/span><span style=\"font-family: Georgia, Times New Roman, Times, serif;\"><span style=\"font-size: small;\">\u2022\u00a0<\/span><\/span><span style=\"font-family: Georgia, Times New Roman, Times, serif; font-size: small;\">1.7. S\u00e1rga s\u00e1v let\u00e9r\u0151\u00a0<span style=\"color: #ff0000;\">&gt;&gt;<\/span>\u00a0S\u00e1rga s\u00e1v \/ Piros h\u00e1romsz\u00f6g;<br \/>\n<\/span><span style=\"font-family: Georgia, Times New Roman, Times, serif;\"><span style=\"font-size: small;\">\u2022\u00a0<\/span><\/span><span style=\"font-family: Georgia, Times New Roman, Times, serif; font-size: small;\">1.8. S\u00e1rga s\u00e1v \/ Piros h\u00e1romsz\u00f6g<span style=\"color: #ff0000;\">\u00a0&gt;&gt;<\/span>\u00a0V\u00f6r\u00f6s-havasok mened\u00e9kh\u00e1z.<\/span><\/p>\n<p><span style=\"font-size: small;\"><em>Jellemz\u00e9s<\/em>:<br \/>\n\u2022 Hossza: 10,53 km<br \/>\n\u2022 Emelked\u00e9s\/lejt\u00e9s: +781\/\u2013772<br \/>\n\u2022 Szintid\u0151: 4,5 \u00f3ra<br \/>\n\u2022 K\u00f6zepes t\u00fara<br \/>\n\u2022 Indul\u00e1s: a V\u00f6r\u00f6s-havasok mened\u00e9kh\u00e1zt\u00f3l 10 \u00f3rakor<\/span><\/p>\n<p><span style=\"font-family: Georgia, Times New Roman, Times, serif; font-size: small;\"><em>EKE-bakancs<\/em>:<br \/>\n\u2022<\/span>\u00a0<span style=\"font-family: Georgia, Times New Roman, Times, serif; font-size: small;\"><a href=\"http:\/\/turazas.ro\/6.1\/\" target=\"_blank\" rel=\"noopener\">http:\/\/turazas.ro\/6.1<\/a><\/span><span style=\"font-family: Georgia, Times New Roman, Times, serif; font-size: small;\"><a href=\"http:\/\/turazas.ro\/2.2\/\">\/<\/a><\/span><\/p>\n<p><span style=\"font-size: small;\"><strong>A 20 km-es szakasz \u2013 A CSUK\u00c1S CSUCSA<\/strong><\/span><\/p>\n<p><span style=\"font-size: small;\"><em>\u00datvonal<\/em>:<br \/>\n\u2022 2.1. V\u00f6r\u00f6s-havasok mened\u00e9kh\u00e1z<span style=\"color: #ff0000;\">\u00a0&gt;&gt;<\/span>\u00a0S\u00e1rga s\u00e1v \/ Piros h\u00e1romsz\u00f6g;<br \/>\n\u2022 2.2. S\u00e1rga s\u00e1v \/ Piros h\u00e1romsz\u00f6g\u00a0<span style=\"color: #ff0000;\">&gt;&gt;<\/span>\u00a0Kereszt\u00fat;<br \/>\n\u2022 2.3. Kereszt\u00fat\u00a0<span style=\"color: #ff0000;\">&gt;&gt;<\/span>\u00a0Feh\u00e9rk\u0151-havas let\u00e9r\u0151;<br \/>\n\u2022 2.4. Feh\u00e9rk\u0151-havas let\u00e9r\u0151\u00a0<span style=\"color: #ff0000;\">&gt;&gt;<\/span>\u00a0Tejk\u0151-havas let\u00e9r\u0151;<br \/>\n\u2022 2.5. Tejk\u0151-havas let\u00e9r\u0151\u00a0<span style=\"color: #ff0000;\">&gt;&gt;<\/span>\u00a0Csuk\u00e1s mened\u00e9kh\u00e1z;<br \/>\n\u2022 2.6. Csuk\u00e1s mened\u00e9kh\u00e1z<span style=\"color: #ff0000;\">\u00a0&gt;&gt;<\/span>\u00a0Piros kereszt let\u00e9r\u0151;<br \/>\n\u2022 2.7. Piros kereszt let\u00e9r\u0151<span style=\"color: #ff0000;\">\u00a0&gt;&gt;<\/span>\u00a0Csuk\u00e1s-cs\u00facs<span style=\"color: #ff0000;\">\u00a0&gt;&gt;<\/span>\u00a0G\u00f3li\u00e1t;<br \/>\n\u2022 2.8. G\u00f3li\u00e1t\u00a0<span style=\"color: #ff0000;\">&gt;&gt;<\/span>\u00a0Piros kereszt let\u00e9r\u0151;<br \/>\n\u2022 2.9. Piros kereszt let\u00e9r\u0151<span style=\"color: #ff0000;\">\u00a0&gt;&gt;<\/span>\u00a0Csuk\u00e1s mened\u00e9kh\u00e1z;<br \/>\n\u2022 2.10. Csuk\u00e1s mened\u00e9kh\u00e1z<span style=\"color: #ff0000;\">\u00a0&gt;&gt;<\/span>\u00a0S\u00e1rga s\u00e1v let\u00e9r\u0151;<br \/>\n\u2022 2.11. S\u00e1rga s\u00e1v let\u00e9r\u0151<span style=\"color: #ff0000;\">\u00a0&gt;&gt;<\/span>\u00a0S\u00e1rga s\u00e1v \/ Piros h\u00e1romsz\u00f6g;<br \/>\n\u2022 2.12. S\u00e1rga s\u00e1v \/ Piros h\u00e1romsz\u00f6g\u00a0<span style=\"color: #ff0000;\">&gt;&gt;<\/span>\u00a0V\u00f6r\u00f6s-havasok mened\u00e9kh\u00e1z.<\/span><\/p>\n<p><span style=\"font-size: small;\"><em>Jellemz\u00e9s<\/em>:<br \/>\n\u2022 Hossza: 16,94 km<br \/>\n\u2022 Emelked\u00e9s\/lejt\u00e9s: +1313\/\u20131305<br \/>\n\u2022 Szintid\u0151: 7,5 \u00f3ra<br \/>\n\u2022 K\u00f6zepesen neh\u00e9z t\u00fara<br \/>\n\u2022 Indul\u00e1s:\u00a0<\/span><span style=\"font-family: Georgia, Times New Roman, Times, serif;\"><span style=\"font-size: small;\">a V\u00f6r\u00f6s-havasok mened\u00e9kh\u00e1zt\u00f3l<\/span><\/span><span style=\"font-size: small;\">\u00a08 \u00f3rakor<\/span><\/p>\n<p><span style=\"font-family: Georgia, Times New Roman, Times, serif; font-size: small;\"><em>EKE-bakancs<\/em>:<br \/>\n\u2022<\/span>\u00a0<span style=\"font-family: Georgia, Times New Roman, Times, serif; font-size: small;\"><a href=\"http:\/\/turazas.ro\/6.2\/\" target=\"_blank\" rel=\"noopener\">http:\/\/turazas.ro\/6.2\/<\/a><\/span><span style=\"font-size: small;\"><strong>A 30 km-es szakasz \u2013 BRETOCSA KAPUJA<\/strong><\/span><\/p>\n<p><span style=\"font-size: small;\"><em>\u00datvonal<\/em>:<br \/>\n\u2022 3.1. V\u00f6r\u00f6s-havasok mened\u00e9kh\u00e1z<span style=\"color: #ff0000;\">\u00a0&gt;&gt;<\/span>\u00a0S\u00e1rga s\u00e1v \/ Piros h\u00e1romsz\u00f6g;<br \/>\n\u2022 3.2. S\u00e1rga s\u00e1v \/ Piros h\u00e1romsz\u00f6g<span style=\"color: #ff0000;\">\u00a0&gt;&gt;<\/span>\u00a0Kereszt\u00fat;<br \/>\n\u2022 3.3. Kereszt\u00fat\u00a0<span style=\"color: #ff0000;\">&gt;&gt;<\/span>\u00a0Feh\u00e9rk\u0151-havas let\u00e9r\u0151;<br \/>\n\u2022 3.4. Feh\u00e9rk\u0151-havas let\u00e9r\u0151<span style=\"color: #ff0000;\">\u00a0&gt;&gt;<\/span>\u00a0Tejk\u0151-havas let\u00e9r\u0151;<br \/>\n\u2022 3.5. Tejk\u0151-havas let\u00e9r\u0151\u00a0<span style=\"color: #ff0000;\">&gt;&gt;<\/span>\u00a0Csuk\u00e1s mened\u00e9kh\u00e1z;<br \/>\n\u2022 3.6. Csuk\u00e1s mened\u00e9kh\u00e1z<span style=\"color: #ff0000;\">\u00a0&gt;&gt;\u00a0<\/span>Piros kereszt let\u00e9r\u0151;<br \/>\n\u2022 3.7. Piros kereszt let\u00e9r\u0151<span style=\"color: #ff0000;\">\u00a0&gt;&gt;<\/span>\u00a0Csuk\u00e1s-cs\u00facs\u00a0<span style=\"color: #ff0000;\">&gt;&gt;<\/span>\u00a0G\u00f3li\u00e1t;<br \/>\n\u2022 3.8. G\u00f3li\u00e1t<span style=\"color: #ff0000;\">\u00a0&gt;&gt;<\/span>\u00a0Piros kereszt let\u00e9r\u0151;<br \/>\n\u2022 3.9. Piros kereszt let\u00e9r\u0151<span style=\"color: #ff0000;\">\u00a0&gt;&gt;<\/span>\u00a0Bretocsa kapuja<span style=\"color: #ff0000;\">\u00a0&gt;&gt;<\/span>\u00a0TV-rel\u00e9<span style=\"color: #ff0000;\">\u00a0&gt;&gt;<\/span>\u00a0Bretocsa-h\u00e1g\u00f3;<br \/>\n\u2022 3.10. Bretocsa-h\u00e1g\u00f3\u00a0<span style=\"color: #ff0000;\">&gt;&gt;<\/span>\u00a0K\u00e9k kereszt;<br \/>\n\u2022 3.11. K\u00e9k kereszt<span style=\"color: #ff0000;\">\u00a0&gt;&gt;<\/span>\u00a0Berii v\u00f6lgye<span style=\"color: #ff0000;\">\u00a0&gt;&gt;<\/span>\u00a0S\u00e1rga s\u00e1v let\u00e9r\u0151;<br \/>\n\u2022 3.12. S\u00e1rga s\u00e1v let\u00e9r\u0151\u00a0<span style=\"color: #ff0000;\">&gt;&gt;<\/span>\u00a0S\u00e1rga s\u00e1v \/ Piros h\u00e1romsz\u00f6g;<br \/>\n\u2022 3.13. S\u00e1rga s\u00e1v \/ Piros h\u00e1romsz\u00f6g<span style=\"color: #ff0000;\">\u00a0&gt;&gt;<\/span>\u00a0V\u00f6r\u00f6s-havasok mened\u00e9kh\u00e1z.<\/span><\/p>\n<p><span style=\"font-family: Georgia, Times New Roman, Times, serif; font-size: small;\"><em>Jellemz\u00e9s<\/em>:<br \/>\n\u2022 Hossza: 26,98 km<br \/>\n\u2022 Emelked\u00e9s\/lejt\u00e9s: +1534\/\u20131562<br \/>\n\u2022 Szintid\u0151: 11 \u00f3ra<br \/>\n\u2022 Neh\u00e9z t\u00fara<br \/>\n\u2022 Indul\u00e1s:\u00a0<\/span><span style=\"font-family: Georgia, Times New Roman, Times, serif;\"><span style=\"font-size: small;\">a V\u00f6r\u00f6s-havasok mened\u00e9kh\u00e1zt\u00f3l<\/span><span style=\"font-size: small;\">\u00a0<\/span><\/span><span style=\"font-family: Georgia, Times New Roman, Times, serif; font-size: small;\">7.30 \u00f3rakor<\/span><\/p>\n<p><span style=\"font-family: Georgia, Times New Roman, Times, serif; font-size: small;\"><em>EKE-bakancs<\/em>:<br \/>\n\u2022<\/span>\u00a0<span style=\"font-family: Georgia, Times New Roman, Times, serif; font-size: small;\"><a href=\"http:\/\/turazas.ro\/6.3\/\" target=\"_blank\" rel=\"noopener\">http:\/\/turazas.ro\/6.3\/<\/a><\/span><\/td>\n<\/tr>\n<tr>\n<td height=\"20\"><\/td>\n<\/tr>\n<tr>\n<td bgcolor=\"#75AB63\" height=\"20\">\n<div align=\"center\"><span style=\"font-family: Georgia, Times New Roman, Times, serif;\"><strong><span style=\"font-size: large;\"><a id=\"3\" name=\"3\"><\/a>R\u00e9szv\u00e9teli d\u00edj<\/span><\/strong><\/span><\/div>\n<\/td>\n<\/tr>\n<tr>\n<td height=\"20\"><\/td>\n<\/tr>\n<tr>\n<td height=\"20\"><span style=\"font-family: Georgia, Times New Roman, Times, serif; font-size: small;\">Nevez\u00e9si d\u00edj:\u00a0<span style=\"color: #ff0000;\"><strong>25 lej<\/strong><\/span>, kedvezm\u00e9nyes nevez\u00e9si d\u00edj:\u00a0<span style=\"color: #ff0000;\"><strong>20 lej<\/strong><\/span>, 6 \u00e9v alatti gyerekeknek ingyenes.<br \/>\nKedvezm\u00e9nyes nevez\u00e9si d\u00edjat egyetemi hallgat\u00f3k, iskol\u00e1sok, nyugd\u00edjasok \u00e9s EKE-tagok ig\u00e9nyelhetnek. Abban az esetben, ha valaki kedvezm\u00e9nyt ig\u00e9nyelt, a rajtn\u00e1l k\u00f6teles felmutatni kedvezm\u00e9nyre jogos\u00edt\u00f3 igazolv\u00e1ny\u00e1t!<br \/>\nA r\u00e9szv\u00e9teli d\u00edj tartalmazza: t\u00farakalauz, kit\u0171z\u0151, t\u00e9rk\u00e9p, pontoz\u00f3lap, oklev\u00e9l, meleg egyt\u00e1l\u00e9tel az \u00e9rkez\u00e9sben, tea, zs\u00edros keny\u00e9r, v\u00edz az ellen\u0151rz\u0151 pontokban.<\/span><span style=\"font-family: Georgia, Times New Roman, Times, serif; font-size: small;\">A r\u00e9szv\u00e9teli d\u00edjat be lehet fizetni a legk\u00f6zelebbi EKE-irod\u00e1ban:\u00a0<a href=\"http:\/\/www.eke.ma\/\" target=\"_blank\" rel=\"noopener\">www.eke.ma<\/a>,<br \/>\nvagy az EKE-Brass\u00f3 banksz\u00e1ml\u00e1j\u00e1ra (<span style=\"color: #ff0000;\">FIGYELEM! Ekkor a banki kezel\u00e9si k\u00f6lts\u00e9get is r\u00e1 kell sz\u00e1molni az \u00e1tutaland\u00f3 \u00f6sszegre!<\/span>)<\/span><span style=\"font-family: Georgia, Times New Roman, Times, serif; font-size: small;\">SOCIETATEA CARPATIN\u0102 ARDELEAN\u0102-BRA\u015eOV<br \/>\n505600 S\u0103cele\/N\u00e9gyfalu, str. Darie Magheru, nr. 41.<br \/>\nBanca Transilvania, S\u0103cele<br \/>\nIBAN: RO26 BTRL 0080 1205 H314 57XX<br \/>\nSWIFT: BTRLRO22BVA<\/span><span style=\"font-family: Georgia, Times New Roman, Times, serif; font-size: small;\"><br \/>\n<\/span><\/td>\n<\/tr>\n<tr>\n<td height=\"20\"><\/td>\n<\/tr>\n<tr>\n<td bgcolor=\"#75AB63\" height=\"20\">\n<div align=\"center\"><span style=\"font-family: Georgia, Times New Roman, Times, serif;\"><strong><span style=\"font-size: large;\"><a id=\"4\" name=\"4\"><\/a>Szab\u00e1lyzat<\/span><\/strong><\/span><\/div>\n<\/td>\n<\/tr>\n<tr>\n<td height=\"20\"><\/td>\n<\/tr>\n<tr>\n<td height=\"20\"><span style=\"font-family: Georgia, Times New Roman, Times, serif; font-size: small;\"><strong><span style=\"color: #ff0000;\">Nevezni csak el\u0151zetesen \u2013 ON-LINE \u2013 lehets\u00e9ges, a RAJT-n\u00e1l NEM.<\/span><\/strong>\u00a0Az el\u0151zetes nevez\u00e9sek hat\u00e1rideje<span style=\"color: #ff0000;\"><strong>\u00a02017. szeptember 30.<\/strong><\/span>, ezut\u00e1n m\u00e1r NEM lehet benevezni, semmilyen m\u00f3don. A nevez\u0151k \u00e1ltal fizetend\u0151 r\u00e9szv\u00e9teli k\u00f6lts\u00e9gek legk\u00e9s\u0151bb szeptember 30-ig be kell \u00e9rkezzenek a szervez\u0151kh\u00f6z, a megjel\u00f6lt banksz\u00e1ml\u00e1kra, vagy k\u00e9szp\u00e9nzben, a regisztr\u00e1ci\u00f3s irod\u00e1khoz. Azokat a nevez\u0151ket, akiknek a r\u00e9szv\u00e9teli k\u00f6lts\u00e9ge nem \u00e9rkezett be, szeptember 30-\u00e1n este t\u00f6r\u00f6lj\u00fck a nevez\u00e9si list\u00e1r\u00f3l.<br \/>\nKiskor\u00faak (18 \u00e9v alatt) r\u00e9szv\u00e9tele kiz\u00e1r\u00f3lag feln\u0151tt(ek) \u00e1lland\u00f3 k\u00eds\u00e9ret\u00e9ben enged\u00e9lyezett.<br \/>\nAz ellen\u0151rz\u0151 pontok els\u0151seg\u00e9ly-ny\u00fajt\u00f3 k\u00e9szlettel lesznek ell\u00e1tva.<br \/>\nAj\u00e1nlott minden ellen\u0151rz\u0151 ponton a megadott nyitvatart\u00e1si id\u0151n bel\u00fcl \u00e1thaladni. Amennyiben valaki t\u00fal k\u00e9s\u0151n \u00e9rkezik, lehet, hogy m\u00e1r nem tal\u00e1lja a hely\u00e9n a pontb\u00edr\u00f3t, ez\u00e9rt nem tudja majd leb\u00e9lyegeztetni ellen\u0151rz\u0151lapj\u00e1t az illet\u0151 ellen\u0151rz\u0151 ponton.<br \/>\nA t\u00fara teljes\u00edt\u00e9s\u00e9t akkor ismerj\u00fck el, ha a r\u00e9sztvev\u0151 szab\u00e1lyosan nevezett, \u00e9s minden ellen\u0151rz\u0151 ponton leb\u00e9lyegeztette igazol\u00f3lapj\u00e1t.<br \/>\nA t\u00far\u00e1n mindenki a saj\u00e1t felel\u0151ss\u00e9g\u00e9re indul, a rendez\u0151kt\u0151l k\u00e1rt\u00e9r\u00edt\u00e9s semmilyen c\u00edmen nem ig\u00e9nyelhet\u0151!<br \/>\nA t\u00fara term\u00e9szetv\u00e9delmi ter\u00fcleten halad, annak \u00e9rt\u00e9keit \u0151rizz\u00fck meg!<br \/>\nK\u00e9rj\u00fck a r\u00e9sztvev\u0151ket, hogy lehet\u0151leg NE k\u00e9ssenek a rajtn\u00e1l.<\/span><\/td>\n<\/tr>\n<tr>\n<td height=\"20\"><\/td>\n<\/tr>\n<tr>\n<td bgcolor=\"#75AB63\" height=\"20\">\n<div align=\"center\"><span style=\"font-family: Georgia, Times New Roman, Times, serif;\"><strong><span style=\"font-size: large;\"><a id=\"5\" name=\"5\"><\/a>Sz\u00e1ll\u00e1s<\/span><\/strong><\/span><\/div>\n<\/td>\n<\/tr>\n<tr>\n<td height=\"20\"><\/td>\n<\/tr>\n<tr>\n<td height=\"20\"><span style=\"font-family: Georgia, Times New Roman, Times, serif; font-size: small;\">A r\u00e9sztvev\u0151knek a V\u00f6r\u00f6s-havasok mened\u00e9kh\u00e1zban tudunk sz\u00e1ll\u00e1st biztos\u00edtani el\u00f5zetes megbesz\u00e9l\u00e9s alapj\u00e1n. R\u00e9szletek:\u00a0<a href=\"http:\/\/www.carpati.org\/ghid_montan\/muntii\/ciucas\/cabana_muntele_rosu-61\/\">http:\/\/www.carpati.org\/ghid_montan\/muntii\/ciucas\/cabana_muntele_rosu-61\/<\/a><\/span><\/td>\n<\/tr>\n<tr>\n<td height=\"20\"><\/td>\n<\/tr>\n<tr>\n<td bgcolor=\"#75AB63\" height=\"20\">\n<div align=\"center\"><span style=\"font-family: Georgia, Times New Roman, Times, serif;\"><strong><span style=\"font-size: large;\"><a id=\"6\" name=\"6\"><\/a>Kapcsolat<\/span><\/strong><\/span><\/div>\n<\/td>\n<\/tr>\n<tr>\n<td height=\"20\"><\/td>\n<\/tr>\n<tr>\n<td height=\"42\"><span style=\"font-family: Georgia, Times New Roman, Times, serif; font-size: small;\">B\u00e1rmilyen, a teljes\u00edtm\u00e1nyt\u00far\u00e1val kapcsolatos inform\u00e1ci\u00f3 megtal\u00e1lhat\u00f3 a t\u00fara honlapj\u00e1n:\u00a0<a href=\"http:\/\/www.ekebrasso.ro\/\" target=\"_blank\" rel=\"noopener\">www.ekebrasso.ro<\/a>\u00a0vagy a k\u00f6vetkez\u0151 telefonsz\u00e1mon, illetve e-mail c\u00edmen lehet ig\u00e9nyelni:<span style=\"color: #ff0000;\"><strong>\u00a0Kov\u00e1cs Lehel Istv\u00e1n<\/strong><\/span>, +4 0744-251245,\u00a0<a href=\"mailto:%20klehel77@yahoo.com\">klehel77@yahoo.com<\/a>.<\/span><\/td>\n<\/tr>\n<tr>\n<td height=\"20\"><\/td>\n<\/tr>\n<tr>\n<td bgcolor=\"#75AB63\" height=\"20\">\n<div align=\"center\"><span style=\"font-family: Georgia, Times New Roman, Times, serif;\"><strong><span style=\"font-size: large;\"><a id=\"7\" name=\"7\"><\/a>Partnerszervezetek<\/span><\/strong><\/span><\/div>\n<\/td>\n<\/tr>\n<tr>\n<td height=\"20\"><\/td>\n<\/tr>\n<tr>\n<td height=\"20\"><img decoding=\"async\" class=\"aligncenter wp-image-237 size-full\" src=\"http:\/\/www.ekebrasso.ro\/wp-content\/uploads\/2022\/12\/p1-1.jpg\" alt=\"\" width=\"837\" height=\"196\" \/><\/td>\n<\/tr>\n<tr>\n<td height=\"20\"><\/td>\n<\/tr>\n<tr>\n<td bgcolor=\"#75AB63\" height=\"20\">\n<div align=\"center\"><span style=\"font-family: Georgia, Times New Roman, Times, serif;\"><strong><span style=\"font-size: large;\"><a id=\"8\" name=\"8\"><\/a>T\u00e1mogat\u00f3k<\/span><\/strong><\/span><\/div>\n<\/td>\n<\/tr>\n<tr>\n<td height=\"20\"><\/td>\n<\/tr>\n<tr>\n<td height=\"20\"><img decoding=\"async\" class=\"aligncenter wp-image-238 size-full\" src=\"http:\/\/www.kebrasso.ro\/wp-content\/uploads\/2022\/12\/p2-1.jpg\" alt=\"\" width=\"837\" height=\"227\" \/><\/td>\n<\/tr>\n<tr>\n<td height=\"20\"><\/td>\n<\/tr>\n<tr>\n<td bgcolor=\"#75AB63\" height=\"20\">\n<div align=\"center\"><span style=\"font-family: Georgia, Times New Roman, Times, serif;\"><strong><span style=\"font-size: large;\"><a id=\"9\" name=\"9\"><\/a>M\u00e9diapartnerek<\/span><\/strong><\/span><\/div>\n<\/td>\n<\/tr>\n<tr>\n<td height=\"20\"><\/td>\n<\/tr>\n<tr>\n<td height=\"20\"><img loading=\"lazy\" decoding=\"async\" class=\"aligncenter size-full wp-image-239\" src=\"http:\/\/www.ekebrasso.ro\/wp-content\/uploads\/2022\/12\/p3-1.jpg\" alt=\"\" width=\"837\" height=\"125\" \/><\/td>\n<\/tr>\n<tr>\n<td height=\"20\"><\/td>\n<\/tr>\n<\/tbody>\n<\/table>\n<p>Besz\u00e1mol\u00f3: <a href=\"http:\/\/www.ekebrasso.ro\/wp-content\/uploads\/2022\/12\/beszamoloII.docx\">beszamoloII<\/a><\/p>\n","protected":false},"excerpt":{"rendered":"<p>&nbsp; Bejelentkez\u00f5 lap\u00a0(A bejelentkez\u00e9s lej\u00e1rt.) A teljes\u00edtm\u00e9nyt\u00far\u00e1r\u00f3l \u00datvonalak R\u00e9szv\u00e9teli d\u00edj Szab\u00e1lyzat Sz\u00e1ll\u00e1s Kapcsolat Partnerszervezetek T\u00e1mogat\u00f3k M\u00e9diapartnerek A teljes\u00edtm\u00e9nyt\u00far\u00e1r\u00f3l &#8220;Nagyap\u00e1m 70 \u00e9vvel ezel\u0151tt \u00edrt turistanapl\u00f3j\u00e1t lapozgatva figyeltem fel el\u0151sz\u00f6r a Csuk\u00e1sra. \u00c9rdekes, bizarr sziklaform\u00e1k \u2013 amelyek a mese- \u00e9s mondavil\u00e1g h\u0151seit testes\u00edtik meg: G\u00f3li\u00e1tok, pletyk\u00e1l\u00f3 v\u00e9nasszonyok, ikrek, \u00f6rd\u00f6g\u00f6k, galambok, szfinxek rajzol\u00f3dnak ki a konglomer\u00e1tumtornyokban \u2013 ut\u00e1n [&hellip;]<\/p>\n","protected":false},"author":1,"featured_media":455,"parent":0,"menu_order":0,"comment_status":"closed","ping_status":"closed","template":"","meta":{"footnotes":""},"class_list":["post-235","page","type-page","status-publish","has-post-thumbnail","hentry"],"_links":{"self":[{"href":"https:\/\/www.ekebrasso.ro\/index.php\/wp-json\/wp\/v2\/pages\/235","targetHints":{"allow":["GET"]}}],"collection":[{"href":"https:\/\/www.ekebrasso.ro\/index.php\/wp-json\/wp\/v2\/pages"}],"about":[{"href":"https:\/\/www.ekebrasso.ro\/index.php\/wp-json\/wp\/v2\/types\/page"}],"author":[{"embeddable":true,"href":"https:\/\/www.ekebrasso.ro\/index.php\/wp-json\/wp\/v2\/users\/1"}],"replies":[{"embeddable":true,"href":"https:\/\/www.ekebrasso.ro\/index.php\/wp-json\/wp\/v2\/comments?post=235"}],"version-history":[{"count":1,"href":"https:\/\/www.ekebrasso.ro\/index.php\/wp-json\/wp\/v2\/pages\/235\/revisions"}],"predecessor-version":[{"id":454,"href":"https:\/\/www.ekebrasso.ro\/index.php\/wp-json\/wp\/v2\/pages\/235\/revisions\/454"}],"wp:featuredmedia":[{"embeddable":true,"href":"https:\/\/www.ekebrasso.ro\/index.php\/wp-json\/wp\/v2\/media\/455"}],"wp:attachment":[{"href":"https:\/\/www.ekebrasso.ro\/index.php\/wp-json\/wp\/v2\/media?parent=235"}],"curies":[{"name":"wp","href":"https:\/\/api.w.org\/{rel}","templated":true}]}}